{"id":15,"date":"2020-01-06T15:22:06","date_gmt":"2020-01-06T15:22:06","guid":{"rendered":"http:\/\/carcacia.com\/?page_id=15"},"modified":"2023-01-04T09:28:23","modified_gmt":"2023-01-04T09:28:23","slug":"aldeas","status":"publish","type":"page","link":"https:\/\/carcacia.com\/?page_id=15","title":{"rendered":"Xeograf\u00eda e demograf\u00eda"},"content":{"rendered":"\n<p><\/p>\n\n\n\n<div class=\"is-layout-flex wp-container-3 wp-block-columns\">\n<div class=\"is-layout-flow wp-block-column\">\n<p>San Pedro de Carcac\u00eda \u00e9 a parroquia do Concello de Padr\u00f3n que figura mais \u00f3 leste. <\/p>\n\n\n\n<p>Ten unha extensi\u00f3n aproximada de 1,5 km cadrados, e alberga 18 aldeas como se mostra na seguinte lista. <\/p>\n<\/div>\n\n\n\n<div class=\"is-layout-flow wp-block-column\">\n<figure class=\"wp-block-image size-large is-resized\"><a href=\"https:\/\/carcacia.com\/wp-content\/uploads\/2020\/01\/vista_satelite.png\"><img decoding=\"async\" loading=\"lazy\" src=\"http:\/\/carcacia.com\/wp-content\/uploads\/2020\/01\/vista_satelite.png\" alt=\"\" class=\"wp-image-18\" width=\"309\" height=\"212\" srcset=\"https:\/\/carcacia.com\/wp-content\/uploads\/2020\/01\/vista_satelite.png 824w, https:\/\/carcacia.com\/wp-content\/uploads\/2020\/01\/vista_satelite-300x207.png 300w, https:\/\/carcacia.com\/wp-content\/uploads\/2020\/01\/vista_satelite-768x529.png 768w\" sizes=\"(max-width: 309px) 100vw, 309px\" \/><\/a><\/figure>\n<\/div>\n<\/div>\n\n\n\n<div class=\"is-layout-flex wp-container-6 wp-block-columns\">\n<div class=\"is-layout-flow wp-block-column\">\n<ul>\n<li>A igrexa. (Sentes)<\/li>\n\n\n\n<li>Band\u00edn.<\/li>\n\n\n\n<li>Berxaus.<\/li>\n\n\n\n<li>Casal.<\/li>\n\n\n\n<li>Corral.<\/li>\n\n\n\n<li>Cruxeiras de arriba.<\/li>\n\n\n\n<li>Cruxeiras de abaixo.<\/li>\n\n\n\n<li>Guimarans.<\/li>\n\n\n\n<li>Lamas.<\/li>\n<\/ul>\n<\/div>\n\n\n\n<div class=\"is-layout-flow wp-block-column\">\n<ul>\n<li>Outeiro.<\/li>\n\n\n\n<li>Pousada.<\/li>\n\n\n\n<li>Rial.<\/li>\n\n\n\n<li>Ribadulla.<\/li>\n\n\n\n<li>Rumille.<\/li>\n\n\n\n<li>Sande.<\/li>\n\n\n\n<li>Sinde.<\/li>\n\n\n\n<li>Sobrerrivas.<\/li>\n\n\n\n<li>Xuane.<\/li>\n<\/ul>\n<\/div>\n<\/div>\n\n\n\n<p>Tal como mostra a seguinte taboa, a poboaci\u00f3n da nosa parroquia pasou de 904 habitantes no ano 2000, a 693 no ano 2019. <\/p>\n\n\n\n<figure class=\"wp-block-image size-large is-resized\"><a href=\"https:\/\/carcacia.com\/wp-content\/uploads\/2022\/10\/demografia-carcacia.png\"><img decoding=\"async\" loading=\"lazy\" src=\"https:\/\/carcacia.com\/wp-content\/uploads\/2022\/10\/demografia-carcacia.png\" alt=\"\" class=\"wp-image-827\" width=\"656\" height=\"328\" srcset=\"https:\/\/carcacia.com\/wp-content\/uploads\/2022\/10\/demografia-carcacia.png 600w, https:\/\/carcacia.com\/wp-content\/uploads\/2022\/10\/demografia-carcacia-300x150.png 300w\" sizes=\"(max-width: 656px) 100vw, 656px\" \/><\/a><\/figure>\n\n\n\n<p><strong>Situaci\u00f3n xeogr\u00e1fica:<\/strong><\/p>\n\n\n\n<iframe src=\"https:\/\/www.google.com\/maps\/embed?pb=!1m18!1m12!1m3!1d3368.4732692276507!2d-8.606370684400913!3d42.750902918321394!2m3!1f0!2f0!3f0!3m2!1i1024!2i768!4f13.1!3m3!1m2!1s0x0%3A0xc71b0ec264803365!2zNDLCsDQ1JzAzLjIiTiA4wrAzNicxNS4xIlc!5e1!3m2!1ses!2ses!4v1652439931553!5m2!1ses!2ses\" style=\"border:0;\" allowfullscreen=\"\" loading=\"lazy\" referrerpolicy=\"no-referrer-when-downgrade\" width=\"400\" height=\"300\"><\/iframe>\n","protected":false},"excerpt":{"rendered":"<p>San Pedro de Carcac\u00eda \u00e9 a parroquia do Concello de Padr\u00f3n que figura mais \u00f3 leste. Ten unha extensi\u00f3n aproximada de 1,5 km cadrados, e alberga 18 aldeas como se mostra na seguinte lista. Tal como mostra a seguinte taboa, &hellip; <a href=\"https:\/\/carcacia.com\/?page_id=15\">Sigue lendo <span class=\"meta-nav\">&rarr;<\/span><\/a><\/p>\n","protected":false},"author":1,"featured_media":0,"parent":0,"menu_order":0,"comment_status":"closed","ping_status":"closed","template":"","meta":[],"_links":{"self":[{"href":"https:\/\/carcacia.com\/index.php?rest_route=\/wp\/v2\/pages\/15"}],"collection":[{"href":"https:\/\/carcacia.com\/index.php?rest_route=\/wp\/v2\/pages"}],"about":[{"href":"https:\/\/carcacia.com\/index.php?rest_route=\/wp\/v2\/types\/page"}],"author":[{"embeddable":true,"href":"https:\/\/carcacia.com\/index.php?rest_route=\/wp\/v2\/users\/1"}],"replies":[{"embeddable":true,"href":"https:\/\/carcacia.com\/index.php?rest_route=%2Fwp%2Fv2%2Fcomments&post=15"}],"version-history":[{"count":19,"href":"https:\/\/carcacia.com\/index.php?rest_route=\/wp\/v2\/pages\/15\/revisions"}],"predecessor-version":[{"id":967,"href":"https:\/\/carcacia.com\/index.php?rest_route=\/wp\/v2\/pages\/15\/revisions\/967"}],"wp:attachment":[{"href":"https:\/\/carcacia.com\/index.php?rest_route=%2Fwp%2Fv2%2Fmedia&parent=15"}],"curies":[{"name":"wp","href":"https:\/\/api.w.org\/{rel}","templated":true}]}}